{"id":4077,"date":"2015-06-16T12:19:27","date_gmt":"2015-06-16T10:19:27","guid":{"rendered":"https:\/\/itw-technik.de\/?page_id=4077"},"modified":"2021-02-25T08:22:26","modified_gmt":"2021-02-25T07:22:26","slug":"declaration-relative-a-la-protection-des-donnees","status":"publish","type":"page","link":"https:\/\/itw-technik.de\/fr\/declaration-relative-a-la-protection-des-donnees\/","title":{"rendered":"D\u00e9claration relative \u00e0 la protection des donn\u00e9es"},"content":{"rendered":"<div id=\"pl-4077\"  class=\"panel-layout\" ><div id=\"pg-4077-0\"  class=\"panel-grid panel-no-style\" ><div id=\"pgc-4077-0-0\"  class=\"panel-grid-cell\" ><div id=\"panel-4077-0-0-0\" class=\"so-panel widget widget_sow-editor panel-first-child panel-last-child\" data-index=\"0\" ><div\n\t\t\t\n\t\t\tclass=\"so-widget-sow-editor so-widget-sow-editor-base\"\n\t\t\t\n\t\t>\n<div class=\"siteorigin-widget-tinymce textwidget\">\n\t<h1>D\u00e9claration relative \u00e0 la protection des donn\u00e9es<\/h1>\n<h3>Au jour d'aujourd'hui, la protection des donn\u00e9es est encore plus importante que par le pass\u00e9...<\/h3>\n<p>Nous vous remercions d'avoir consult\u00e9 notre site Internet et de l'int\u00e9r\u00eat que vous portez \u00e0 notre assortiment de produits et \u00e0 nos services. Nous prenons la protection des donn\u00e9es tr\u00e8s au s\u00e9rieux et nous serions heureux que vous vous sentiez parfaitement \u00e0 l'aise tout au long de votre visite de notre site Internet. Ci-dessous, vous trouverez des informations d\u00e9taill\u00e9es concernant le traitement de vos donn\u00e9es \u00e0 caract\u00e8re personnel. Toutes les dispositions l\u00e9gales du R\u00e8glement europ\u00e9en relatif \u00e0 la protection des donn\u00e9es \u00e0 caract\u00e8re personnel (RGPD), de la loi f\u00e9d\u00e9rale sur la protection des donn\u00e9es (BDSG), de la loi sur les t\u00e9l\u00e9m\u00e9dias (TMG) et des autres r\u00e8glements relatifs \u00e0 la protection des donn\u00e9es sont bien entendu respect\u00e9s.<\/p>\n<h3>Hosting (h\u00e9bergement)<\/h3>\n<p>Les services d'h\u00e9bergement que nous utilisons nous permettent de vous procurer les services suivants : Services d'infrastructures et de plateformes, capacit\u00e9 informatique, espace de sauvegarde et bases de donn\u00e9es, services de s\u00e9curit\u00e9 et services de maintenance technique que nous utilisons afin de pouvoir vous proposer la pr\u00e9sente offre en ligne. Dans ce cadre, nous ou notre h\u00e9bergeur traitons d'une part des informations relatives aux stocks, des coordonn\u00e9es, des informations sur le contenu, sur les contrats, sur les utilisations et, d'autre part, les m\u00e9tadonn\u00e9es et les donn\u00e9es de communication des clients, des parties en pr\u00e9sence et des personnes qui consultent la pr\u00e9sente offre en ligne, tout cela \u00e9tant r\u00e9alis\u00e9 sur la base de nos int\u00e9r\u00eats l\u00e9gitimes afin que la pr\u00e9sente offre en ligne soit efficace et s\u00fbre, conform\u00e9ment aux dispositions de l'article 6, alin\u00e9a 1, lettre f) du RGPD associ\u00e9es aux dispositions de l'article 28 du RGPD (contrat de traitement des informations de la commande).<\/p>\n<h3>Collecte des donn\u00e9es d'acc\u00e8s et des fichiers protocolaires<\/h3>\n<p>Notre h\u00e9bergeur collecte des donn\u00e9es relatives aux diff\u00e9rents acc\u00e8s au serveur sur lequel ce service est localis\u00e9 (il s'agit de ce qu'on appelle les fichiers protocolaires du serveur) et ce, sur la base de nos int\u00e9r\u00eats l\u00e9gitimes en vertu des dispositions de l'article 6, alin\u00e9a 1, lettre f) du RGPD. Parmi les donn\u00e9es d'acc\u00e8s, on trouvera le nom du site Internet visualis\u00e9, le fichier, la date et l'heure de l'acc\u00e8s, la quantit\u00e9 de donn\u00e9es transmises, un communiqu\u00e9 indiquant le succ\u00e8s de la visualisation, le type et la version du navigateur, le syst\u00e8me d'exploitation de l'utilisateur, l'URL de la page qui nous a recommand\u00e9s (site visit\u00e9 pr\u00e9c\u00e9demment), l'adresse IP et le prestataire demandeur. Pour des raisons de s\u00fbret\u00e9\/s\u00e9curit\u00e9 (par exemple pour pouvoir analyser les cas d'abus ou de fraude), les informations du fichier protocolaire seront archiv\u00e9es durant une p\u00e9riode maximale de 7 jours. Une fois cette p\u00e9riode \u00e9coul\u00e9e, ces donn\u00e9es seront supprim\u00e9es. Les donn\u00e9es dont la sauvegarde est indispensable afin qu'elles puissent servir de preuves seront exclues de la suppression et ce, tant que l'incident en question ne sera pas d\u00e9finitivement clos.<\/p>\n<h3>Utilisation d'un logiciel d'analyse<\/h3>\n<p>Le pr\u00e9sent site Internet a recours \u00e0 un logiciel d'analyse qui utilise ce qu'on appelle des \u00ab\u00a0cookies\u00a0\u00bb qui sont install\u00e9s sur votre ordinateur et qui permettent de r\u00e9aliser une analyse de l'emploi que vous faites du site Internet. Les informations g\u00e9n\u00e9r\u00e9es par le biais des cookies (y compris votre adresse IP anonymis\u00e9e) seront sauvegard\u00e9es sur notre serveur. Ces informations ne seront utilis\u00e9es que pour analyser les activit\u00e9s enregistr\u00e9es sur le site Internet. Vous pouvez interdire l'installation des cookies en param\u00e9trant le logiciel de votre navigateur. Nous attirons cependant votre attention sur le fait que, dans un tel cas, vous ne pourrez pas utiliser toutes les fonctions propos\u00e9es par le site Internet dans leur int\u00e9gralit\u00e9. En acc\u00e9dant au site Internet, vous consentez que les donn\u00e9es qui sont collect\u00e9es \u00e0 votre sujet soient trait\u00e9es de la mani\u00e8re d\u00e9crite ci-dessus et aux fins mentionn\u00e9es ci-avant.<\/p>\n<h3>Utilisation des compl\u00e9ments sociaux<\/h3>\n<p>Nous avons volontairement d\u00e9cid\u00e9 de n'utiliser aucun compl\u00e9ment social ni aucune touche de m\u00e9dias sociaux.<\/p>\n<h3>Utilisation des services Google<\/h3>\n<p>Nous avons int\u00e9gr\u00e9 les cartes du service \u00ab\u00a0Google Maps\u00a0\u00bb qui sont procur\u00e9es par la soci\u00e9t\u00e9 Google LLC, 1600 Amphitheatre Parkway, Mountain View, CA 94043, \u00c9tats-Unis. Les donn\u00e9es trait\u00e9es pourront principalement inclure les adresses IP des utilisateurs et les informations relatives \u00e0 leur position, mais qui ne sont cependant pas collect\u00e9es sans leur consentement (g\u00e9n\u00e9ralement en fonction des r\u00e9glages de leurs \u00e9quipements mobiles). Ces donn\u00e9es peuvent \u00eatre trait\u00e9es aux \u00c9tats-Unis. Nous avons \u00e9galement int\u00e9gr\u00e9 les types de polices appel\u00e9s \u00ab\u00a0Google Fonts\u00a0\u00bb qui sont procur\u00e9s par le prestataire susmentionn\u00e9. D\u00e9claration relative \u00e0 la protection des donn\u00e9es : <a href=\"https:\/\/www.google.com\/policies\/privacy\/\">https:\/\/www.google.com\/policies\/privacy\/<\/a>, Opt-Out : <a href=\"https:\/\/adssettings.google.com\/authenticated\">https:\/\/adssettings.google.com\/authenticated<\/a>.<\/p>\n<h3>Utilisation et transmission des donn\u00e9es \u00e0 caract\u00e8re personnel<\/h3>\n<p>Pour pouvoir profiter de notre offre en ligne, il n'est g\u00e9n\u00e9ralement pas n\u00e9cessaire de fournir des donn\u00e9es \u00e0 caract\u00e8re personnel. Seules des donn\u00e9es d'acc\u00e8s n'ayant pas de lien avec les personnes seront sauvegard\u00e9es. Il s'agira par exemple du nom du site Internet visualis\u00e9, du fichier, de la date et de l'heure de l'acc\u00e8s, de la quantit\u00e9 de donn\u00e9es transmises, du communiqu\u00e9 indiquant le succ\u00e8s de la visualisation, du type et de la version du navigateur, du syst\u00e8me d'exploitation de l'utilisateur, de l'URL de la page qui nous a recommand\u00e9s (site visit\u00e9 pr\u00e9c\u00e9demment), de l'adresse IP et du prestataire demandeur. Ces donn\u00e9es seront analys\u00e9es uniquement dans le but de perfectionner notre offre et elles ne nous permettent en aucun cas de tirer quelque conclusion que ce soit concernant votre personne. Vos donn\u00e9es \u00e0 caract\u00e8re personnel ne seront collect\u00e9es que si vous nous les procurez volontairement, par exemple lorsque vous prenez contact avec nous (par le biais du formulaire de contact, par e-mail ou par t\u00e9l\u00e9phone). Dans un tel cas, les donn\u00e9es personnelles et les informations relatives au traitement du contact et \u00e0 son r\u00e9sultat seront trait\u00e9es conform\u00e9ment aux dispositions de l'article 6, alin\u00e9a 1, lettre b) du RGPD. Ces informations peuvent \u00eatre enregistr\u00e9es dans le syst\u00e8me de gestion des relations avec la client\u00e8le \u00ab\u00a0Customer Relationship Management System\u00a0\u00bb (CRM) ou dans un syst\u00e8me organisationnel comparable. Si vous nous confiez la prestation d'un service ou la fourniture d'un produit, vos donn\u00e9es personnelles ne seront utilis\u00e9es sans votre consentement concret que dans le cadre indispensable n\u00e9cessaire \u00e0 la prestation du service en question ou \u00e0 la satisfaction du contrat. Cela inclura principalement la remise de vos donn\u00e9es aux transporteurs, aux soci\u00e9t\u00e9s de pr\u00eats ou \u00e0 d'autres prestataires de services qui seront mandat\u00e9s pour prester le service en question ou pour remplir le contrat. Une fois le contrat totalement satisfait, vos donn\u00e9es seront bloqu\u00e9es contre toute nouvelle utilisation et une fois que la p\u00e9riode de sauvegarde des documents d\u00e9finie par les lois fiscales et commerciales se sera \u00e9coul\u00e9e, ces donn\u00e9es seront supprim\u00e9es si vous avez explicitement refus\u00e9 toute nouvelle utilisation de ces donn\u00e9es.<\/p>\n<h3>Administration, comptabilit\u00e9 financi\u00e8re, organisation des bureaux, gestion des contacts<\/h3>\n<p>Nous traitons ces donn\u00e9es dans le cadre des t\u00e2ches administratives et de l'organisation de nos ateliers, de la comptabilit\u00e9 financi\u00e8re et du respect des obligations l\u00e9gales telles que, par exemple, l'archivage. Les donn\u00e9es qui sont trait\u00e9es sont les m\u00eames que celles qui sont trait\u00e9es dans le cadre de la prestation des services contractuels. Ce traitement est fond\u00e9 sur les dispositions de l'article 6, alin\u00e9a 1, lettre c) du RGPD, ainsi que sur les dispositions de l'article 6, alin\u00e9a 1, lettre f) du RGPD. Ce traitement concerne les clients, les personnes int\u00e9ress\u00e9es, les partenaires commerciaux et les personnes qui consultent notre site Internet. En ce qui concerne le traitement, notre objectif et notre int\u00e9r\u00eat r\u00e9sident dans l'administration, la comptabilit\u00e9 financi\u00e8re, l'organisation des bureaux, l'archivage des donn\u00e9es et les t\u00e2ches qui sont n\u00e9cessaires pour que nous puissions pr\u00e9server nos activit\u00e9s commerciales, remplir nos missions et procurer nos services. Compte tenu des services contractuels et de la communication contractuelle, la suppression des donn\u00e9es portera sur les donn\u00e9es qui sont fournies lors de ces activit\u00e9s de traitement. Nous publions ou transmettons des donn\u00e9es \u00e0 l'administration financi\u00e8re et fiscale, \u00e0 divers conseillers, comme des conseillers fiscaux par exemple, \u00e0 des bureaux d'encaissement et \u00e0 des prestataires de services de paiement. Outre cela, sur la base de nos int\u00e9r\u00eats \u00e9conomiques, nous sauvegardons \u00e9galement des informations relatives aux fournisseurs, aux organisateurs et \u00e0 d'autres partenaires commerciaux, par exemple pour pouvoir prendre ult\u00e9rieurement contact avec eux. Ces donn\u00e9es, qui concernent g\u00e9n\u00e9ralement une soci\u00e9t\u00e9, sont sauvegard\u00e9es de mani\u00e8re permanente.<\/p>\n<h3>S\u00e9curit\u00e9<\/h3>\n<p>Nous sommes parfaitement conscients du fait qu'il est tr\u00e8s important de s\u00e9curiser les donn\u00e9es que nous traitons. Afin de pouvoir garantir le meilleur niveau de s\u00e9curit\u00e9 qui soit, nous avons pris des mesures techniques et organisationnelles. Ces mesures de s\u00e9curit\u00e9 sont constamment mises \u00e0 jour conform\u00e9ment aux derni\u00e8res \u00e9volutions techniques.<\/p>\n<h3>Droit aux informations<\/h3>\n<p>En vertu des dispositions de la loi f\u00e9d\u00e9rale sur la protection des donn\u00e9es, vous avez le droit de recevoir gratuitement des informations sur les donn\u00e9es vous concernant qui sont sauvegard\u00e9es et, en cas de besoin, vous avez le droit de demander que ces donn\u00e9es soient modifi\u00e9es, bloqu\u00e9es ou supprim\u00e9es. Cela n\u00e9cessitera cependant une v\u00e9rification univoque de votre identit\u00e9. Si vous avez des questions concernant la collecte, le traitement ou l'emploi qui sera fait de vos donn\u00e9es personnelles ou si vous souhaitez recevoir de plus amples informations, modifier, bloquer ou supprimer des donn\u00e9es, veuillez nous contacter pour annuler le consentement que vous nous avez donn\u00e9: \u00a0<br \/>\n&nbsp;<br \/>\n<strong>ITW Industrie-Technik Werth GmbH<\/strong><br \/>\nD\u00e9l\u00e9gu\u00e9 \u00e0 la protection des donn\u00e9es \u00e0 caract\u00e8re personnel<br \/>\nSteve Wagner<br \/>\nBrachtstra\u00dfe 20<br \/>\nDE-63633 Birstein<br \/>\nT\u00e9l\u00e9phone: +49 6054 909000<br \/>\nE-mail: datenschutz@itw-technik.de<\/p>\n<\/div>\n<\/div><\/div><\/div><div id=\"pgc-4077-0-1\"  class=\"panel-grid-cell\" ><div id=\"panel-4077-0-1-0\" class=\"so-panel widget widget_sow-editor panel-first-child\" data-index=\"1\" ><div\n\t\t\t\n\t\t\tclass=\"so-widget-sow-editor so-widget-sow-editor-base\"\n\t\t\t\n\t\t>\n<div class=\"siteorigin-widget-tinymce textwidget\">\n\t<p>&nbsp;<br \/>\n<img decoding=\"async\" class=\"alignnone size-medium wp-image-657\" src=\"https:\/\/itw-technik.de\/wp-content\/uploads\/itw-logo-grey-blue-1000px.svg\" alt=\"Logo ITW Industrie-Technik Werth GmbH\" \/><\/p>\n<\/div>\n<\/div><\/div><div id=\"panel-4077-0-1-1\" class=\"so-panel widget widget_sow-editor panel-last-child\" data-index=\"2\" ><div\n\t\t\t\n\t\t\tclass=\"so-widget-sow-editor so-widget-sow-editor-base\"\n\t\t\t\n\t\t>\n<div class=\"siteorigin-widget-tinymce textwidget\">\n\t<p>D\u00e9l\u00e9gu\u00e9 \u00e0 la protection des donn\u00e9es \u00e0 caract\u00e8re personnel<br \/>\nSteve Wagner<br \/>\nBrachtstra\u00dfe 20<br \/>\nDE-63633 Birstein<br \/>\nT\u00e9l\u00e9phone: +49 6054 909000<br \/>\nE-mail: datenschutz@itw-technik.de<\/p>\n<\/div>\n<\/div><\/div><\/div><\/div><\/div>","protected":false},"excerpt":{"rendered":"<p>D\u00e9claration relative \u00e0 la protection des donn\u00e9es Au jour d&rsquo;aujourd&rsquo;hui, la protection des donn\u00e9es est encore plus importante que par le pass\u00e9&#8230; Nous vous remercions d&rsquo;avoir consult\u00e9 notre site Internet et de l&rsquo;int\u00e9r\u00eat que vous portez \u00e0 notre assortiment de produits et \u00e0 nos services. Nous prenons la protection des donn\u00e9es tr\u00e8s au s\u00e9rieux et [&hellip;]<\/p>\n","protected":false},"author":1,"featured_media":0,"parent":0,"menu_order":0,"comment_status":"closed","ping_status":"closed","template":"","meta":{"footnotes":""},"class_list":["post-4077","page","type-page","status-publish","hentry"],"yoast_head":"<!-- This site is optimized with the Yoast SEO plugin v25.5 - https:\/\/yoast.com\/wordpress\/plugins\/seo\/ -->\n<title>D\u00e9claration relative \u00e0 la protection des donn\u00e9es - ITW Industrie-Technik Werth GmbH<\/title>\n<meta name=\"robots\" content=\"index, follow, max-snippet:-1, max-image-preview:large, max-video-preview:-1\" \/>\n<link rel=\"canonical\" href=\"https:\/\/itw-technik.de\/fr\/declaration-relative-a-la-protection-des-donnees\/\" \/>\n<meta name=\"twitter:card\" content=\"summary_large_image\" \/>\n<meta name=\"twitter:title\" content=\"D\u00e9claration relative \u00e0 la protection des donn\u00e9es - ITW Industrie-Technik Werth GmbH\" \/>\n<meta name=\"twitter:description\" content=\"D\u00e9claration relative \u00e0 la protection des donn\u00e9es Au jour d&#039;aujourd&#039;hui, la protection des donn\u00e9es est encore plus importante que par le pass\u00e9... Nous vous remercions d&#039;avoir consult\u00e9 notre site Internet et de l&#039;int\u00e9r\u00eat que vous portez \u00e0 notre assortiment de produits et \u00e0 nos services. Nous prenons la protection des donn\u00e9es tr\u00e8s au s\u00e9rieux et [&hellip;]\" \/>\n<meta name=\"twitter:image\" content=\"https:\/\/itw-technik.de\/wp-content\/uploads\/itw-logo-grey-blue-1000px.svg\" \/>\n<meta name=\"twitter:label1\" content=\"Dur\u00e9e de lecture estim\u00e9e\" \/>\n\t<meta name=\"twitter:data1\" content=\"9 minutes\" \/>\n<script type=\"application\/ld+json\" class=\"yoast-schema-graph\">{\"@context\":\"https:\/\/schema.org\",\"@graph\":[{\"@type\":\"WebPage\",\"@id\":\"https:\/\/itw-technik.de\/fr\/declaration-relative-a-la-protection-des-donnees\/\",\"url\":\"https:\/\/itw-technik.de\/fr\/declaration-relative-a-la-protection-des-donnees\/\",\"name\":\"D\u00e9claration relative \u00e0 la protection des donn\u00e9es - ITW Industrie-Technik Werth GmbH\",\"isPartOf\":{\"@id\":\"https:\/\/itw-technik.de\/fr\/#website\"},\"primaryImageOfPage\":{\"@id\":\"https:\/\/itw-technik.de\/fr\/declaration-relative-a-la-protection-des-donnees\/#primaryimage\"},\"image\":{\"@id\":\"https:\/\/itw-technik.de\/fr\/declaration-relative-a-la-protection-des-donnees\/#primaryimage\"},\"thumbnailUrl\":\"https:\/\/itw-technik.de\/wp-content\/uploads\/itw-logo-grey-blue-1000px.svg\",\"datePublished\":\"2015-06-16T10:19:27+00:00\",\"dateModified\":\"2021-02-25T07:22:26+00:00\",\"inLanguage\":\"fr-FR\",\"potentialAction\":[{\"@type\":\"ReadAction\",\"target\":[\"https:\/\/itw-technik.de\/fr\/declaration-relative-a-la-protection-des-donnees\/\"]}]},{\"@type\":\"ImageObject\",\"inLanguage\":\"fr-FR\",\"@id\":\"https:\/\/itw-technik.de\/fr\/declaration-relative-a-la-protection-des-donnees\/#primaryimage\",\"url\":\"https:\/\/itw-technik.de\/wp-content\/uploads\/itw-logo-grey-blue-1000px.svg\",\"contentUrl\":\"https:\/\/itw-technik.de\/wp-content\/uploads\/itw-logo-grey-blue-1000px.svg\"},{\"@type\":\"WebSite\",\"@id\":\"https:\/\/itw-technik.de\/fr\/#website\",\"url\":\"https:\/\/itw-technik.de\/fr\/\",\"name\":\"ITW Industrie-Technik Werth GmbH\",\"description\":\"Industrie Technik Maschinenbau\",\"potentialAction\":[{\"@type\":\"SearchAction\",\"target\":{\"@type\":\"EntryPoint\",\"urlTemplate\":\"https:\/\/itw-technik.de\/fr\/?s={search_term_string}\"},\"query-input\":{\"@type\":\"PropertyValueSpecification\",\"valueRequired\":true,\"valueName\":\"search_term_string\"}}],\"inLanguage\":\"fr-FR\"}]}<\/script>\n<!-- \/ Yoast SEO plugin. -->","yoast_head_json":{"title":"D\u00e9claration relative \u00e0 la protection des donn\u00e9es - ITW Industrie-Technik Werth GmbH","robots":{"index":"index","follow":"follow","max-snippet":"max-snippet:-1","max-image-preview":"max-image-preview:large","max-video-preview":"max-video-preview:-1"},"canonical":"https:\/\/itw-technik.de\/fr\/declaration-relative-a-la-protection-des-donnees\/","twitter_card":"summary_large_image","twitter_title":"D\u00e9claration relative \u00e0 la protection des donn\u00e9es - ITW Industrie-Technik Werth GmbH","twitter_description":"D\u00e9claration relative \u00e0 la protection des donn\u00e9es Au jour d'aujourd'hui, la protection des donn\u00e9es est encore plus importante que par le pass\u00e9... Nous vous remercions d'avoir consult\u00e9 notre site Internet et de l'int\u00e9r\u00eat que vous portez \u00e0 notre assortiment de produits et \u00e0 nos services. Nous prenons la protection des donn\u00e9es tr\u00e8s au s\u00e9rieux et [&hellip;]","twitter_image":"https:\/\/itw-technik.de\/wp-content\/uploads\/itw-logo-grey-blue-1000px.svg","twitter_misc":{"Dur\u00e9e de lecture estim\u00e9e":"9 minutes"},"schema":{"@context":"https:\/\/schema.org","@graph":[{"@type":"WebPage","@id":"https:\/\/itw-technik.de\/fr\/declaration-relative-a-la-protection-des-donnees\/","url":"https:\/\/itw-technik.de\/fr\/declaration-relative-a-la-protection-des-donnees\/","name":"D\u00e9claration relative \u00e0 la protection des donn\u00e9es - ITW Industrie-Technik Werth GmbH","isPartOf":{"@id":"https:\/\/itw-technik.de\/fr\/#website"},"primaryImageOfPage":{"@id":"https:\/\/itw-technik.de\/fr\/declaration-relative-a-la-protection-des-donnees\/#primaryimage"},"image":{"@id":"https:\/\/itw-technik.de\/fr\/declaration-relative-a-la-protection-des-donnees\/#primaryimage"},"thumbnailUrl":"https:\/\/itw-technik.de\/wp-content\/uploads\/itw-logo-grey-blue-1000px.svg","datePublished":"2015-06-16T10:19:27+00:00","dateModified":"2021-02-25T07:22:26+00:00","inLanguage":"fr-FR","potentialAction":[{"@type":"ReadAction","target":["https:\/\/itw-technik.de\/fr\/declaration-relative-a-la-protection-des-donnees\/"]}]},{"@type":"ImageObject","inLanguage":"fr-FR","@id":"https:\/\/itw-technik.de\/fr\/declaration-relative-a-la-protection-des-donnees\/#primaryimage","url":"https:\/\/itw-technik.de\/wp-content\/uploads\/itw-logo-grey-blue-1000px.svg","contentUrl":"https:\/\/itw-technik.de\/wp-content\/uploads\/itw-logo-grey-blue-1000px.svg"},{"@type":"WebSite","@id":"https:\/\/itw-technik.de\/fr\/#website","url":"https:\/\/itw-technik.de\/fr\/","name":"ITW Industrie-Technik Werth GmbH","description":"Industrie Technik Maschinenbau","potentialAction":[{"@type":"SearchAction","target":{"@type":"EntryPoint","urlTemplate":"https:\/\/itw-technik.de\/fr\/?s={search_term_string}"},"query-input":{"@type":"PropertyValueSpecification","valueRequired":true,"valueName":"search_term_string"}}],"inLanguage":"fr-FR"}]}},"publishpress_future_action":{"enabled":false,"date":"2026-05-08 18:52:45","action":"change-status","newStatus":"draft","terms":[],"taxonomy":"translation_priority","extraData":[]},"publishpress_future_workflow_manual_trigger":{"enabledWorkflows":[]},"_links":{"self":[{"href":"https:\/\/itw-technik.de\/fr\/wp-json\/wp\/v2\/pages\/4077","targetHints":{"allow":["GET"]}}],"collection":[{"href":"https:\/\/itw-technik.de\/fr\/wp-json\/wp\/v2\/pages"}],"about":[{"href":"https:\/\/itw-technik.de\/fr\/wp-json\/wp\/v2\/types\/page"}],"author":[{"embeddable":true,"href":"https:\/\/itw-technik.de\/fr\/wp-json\/wp\/v2\/users\/1"}],"replies":[{"embeddable":true,"href":"https:\/\/itw-technik.de\/fr\/wp-json\/wp\/v2\/comments?post=4077"}],"version-history":[{"count":5,"href":"https:\/\/itw-technik.de\/fr\/wp-json\/wp\/v2\/pages\/4077\/revisions"}],"predecessor-version":[{"id":4082,"href":"https:\/\/itw-technik.de\/fr\/wp-json\/wp\/v2\/pages\/4077\/revisions\/4082"}],"wp:attachment":[{"href":"https:\/\/itw-technik.de\/fr\/wp-json\/wp\/v2\/media?parent=4077"}],"curies":[{"name":"wp","href":"https:\/\/api.w.org\/{rel}","templated":true}]}}