{"id":4162,"date":"2018-06-13T22:49:46","date_gmt":"2018-06-13T20:49:46","guid":{"rendered":"https:\/\/itw-technik.de\/?page_id=4162"},"modified":"2021-02-25T18:06:36","modified_gmt":"2021-02-25T17:06:36","slug":"elevateurs-convoyeurs-verticaux","status":"publish","type":"page","link":"https:\/\/itw-technik.de\/fr\/elevateurs-convoyeurs-verticaux\/","title":{"rendered":"\u00c9l\u00e9vateurs, convoyeurs verticaux"},"content":{"rendered":"<div id=\"pl-4162\"  class=\"panel-layout\" ><div id=\"pg-4162-0\"  class=\"panel-grid panel-has-style\" ><div class=\"siteorigin-panels-stretch panel-row-style panel-row-style-for-4162-0\" data-stretch-type=\"full-stretched\" ><div id=\"pgc-4162-0-0\"  class=\"panel-grid-cell\" ><div id=\"panel-4162-0-0-0\" class=\"so-panel widget widget_sow-editor panel-first-child panel-last-child\" data-index=\"0\" ><div class=\"panel-widget-style panel-widget-style-for-4162-0-0-0\" ><div\n\t\t\t\n\t\t\tclass=\"so-widget-sow-editor so-widget-sow-editor-base\"\n\t\t\t\n\t\t>\n<div class=\"siteorigin-widget-tinymce textwidget\">\n\t<br \/>\n<h2 class=\"img-line\">\u00c9l\u00e9vateurs, convoyeurs verticaux<\/h2>\n<\/div>\n<\/div><\/div><\/div><\/div><\/div><\/div><div id=\"pg-4162-1\"  class=\"panel-grid panel-no-style\" ><div id=\"pgc-4162-1-0\"  class=\"panel-grid-cell\" ><div id=\"panel-4162-1-0-0\" class=\"so-panel widget widget_sow-editor panel-first-child panel-last-child\" data-index=\"1\" ><div\n\t\t\t\n\t\t\tclass=\"so-widget-sow-editor so-widget-sow-editor-base\"\n\t\t\t\n\t\t>\n<div class=\"siteorigin-widget-tinymce textwidget\">\n\t<h2>\u00c9l\u00e9vateurs, convoyeurs verticaux<\/h2>\n<p>Diff\u00e9rents mod\u00e8les de bandes inclin\u00e9es R\u00e9alisation en forme de L, avec pli en haut ou en bas, convoyeurs en forme de Z avec inclinaison pouvant atteindre 88\u00b0. Des bandes de convoyage \u00e0 bords ondul\u00e9s ou \u00e0 guidage lat\u00e9ral qu'il est possible de replier ou de retirer. La largeur utile et l'\u00e9cartement entre les entra\u00eeneurs sont r\u00e9gis par la capacit\u00e9 de transport requise et ils d\u00e9pendront des propri\u00e9t\u00e9s du produit et de l'inclinaison exig\u00e9e. La structure de bande la plus appropri\u00e9e variera en fonction de l'application et des consignes d'hygi\u00e8ne indispensables. Nous proposons aussi bien des simples structures en t\u00f4le que des structures tubulaires et\/ou hygi\u00e9niques sp\u00e9ciales. Afin de faciliter le nettoyage, les carters situ\u00e9s en partie haute et en partie basse peuvent \u00eatre facilement d\u00e9mont\u00e9s (ou ouverts). D\u00e8s la phase de pr\u00e9paration du devis, nous vous expliquerons pr\u00e9cis\u00e9ment en quoi consiste la solution technique propos\u00e9e et nous vous d\u00e9taillerons l'essai de faisabilit\u00e9.<\/p>\n<h3>Les mod\u00e8les\/structures suivants peuvent \u00eatre r\u00e9alis\u00e9s :<\/h3>\n<ul class=\"aufzaehlung\">\n<li>acier peint ou acier ennobli<\/li>\n<li>corps en t\u00f4le ou structure de ch\u00e2ssis tubulaire (voir \u00e9galement les convoyeurs hygi\u00e9niques)<\/li>\n<li>pli en bas et\/ou en haut<\/li>\n<li>inclinaison pouvant atteindre 88\u00b0<\/li>\n<li>guidage lat\u00e9ral fixe ou repliable<\/li>\n<li>bandes \u00e0 bords ondul\u00e9s ou but\u00e9es courbes \u00e0 la place des guidages lat\u00e9raux fixes<\/li>\n<li>divers mat\u00e9riaux et types de surfaces des bandes<\/li>\n<li>certification FDA<\/li>\n<li>tour basculante en bas ou en haut<\/li>\n<li>tour sup\u00e9rieure en polycarbonate Makrolon ou en profil\u00e9s de t\u00f4les<\/li>\n<li>ch\u00e2ssis basculant et suspension de la bande d'un seul c\u00f4t\u00e9 afin de faciliter le remplacement de la bande<\/li>\n<li>r\u00e9servoir ou tr\u00e9mie \u00e0 l'entr\u00e9e<\/li>\n<li>tr\u00e9mie adapt\u00e9e \u00e0 votre interface en sortie<\/li>\n<\/ul>\n<\/div>\n<\/div><\/div><\/div><div id=\"pgc-4162-1-1\"  class=\"panel-grid-cell\" ><div id=\"panel-4162-1-1-0\" class=\"so-panel widget widget_sow-editor panel-first-child\" data-index=\"2\" ><div\n\t\t\t\n\t\t\tclass=\"so-widget-sow-editor so-widget-sow-editor-base\"\n\t\t\t\n\t\t>\n<div class=\"siteorigin-widget-tinymce textwidget\">\n\t<p><img loading=\"lazy\" decoding=\"async\" src=\"https:\/\/itw-technik.de\/wp-content\/uploads\/itw-transportbaender-DSC05257-bs.jpg\" alt=\"ITW Industrie-Technik Werth GmbH \u2013 Bandes de convoyage\" class=\"alignnone size-full wp-image-1392\" width=\"800\" height=\"424\" srcset=\"https:\/\/itw-technik.de\/wp-content\/uploads\/itw-transportbaender-DSC05257-bs.jpg 800w, https:\/\/itw-technik.de\/wp-content\/uploads\/itw-transportbaender-DSC05257-bs-768x407.jpg 768w\" sizes=\"auto, (max-width: 800px) 100vw, 800px\" \/><\/p>\n<\/div>\n<\/div><\/div><div id=\"panel-4162-1-1-1\" class=\"so-panel widget widget_sow-editor panel-last-child\" data-index=\"3\" ><div\n\t\t\t\n\t\t\tclass=\"so-widget-sow-editor so-widget-sow-editor-base\"\n\t\t\t\n\t\t>\n<div class=\"siteorigin-widget-tinymce textwidget\">\n\t<div class=\"foogallery foogallery-container foogallery-masonry foogallery-lightbox-dfactory fg-center fg-gutter-large fg-masonry fg-light fg-loading-default fg-loaded-fade-in fg-caption-hover fg-hover-fade fg-hover-plus fg-ready fg-col3\" id=\"foogallery-gallery-1419\" data-foogallery=\"{&quot;item&quot;:{&quot;showCaptionTitle&quot;:true,&quot;showCaptionDescription&quot;:true},&quot;lazy&quot;:true}\" >\n\t\t<div class=\"fg-column-width\"><\/div>\n\t<div class=\"fg-gutter-width\"><\/div>\n\t\t<div class=\"fg-item fg-type-image fg-idle\"><figure class=\"fg-item-inner\"><a href=\"https:\/\/itw-technik.de\/wp-content\/uploads\/itw-elevatoren-steigfoerderer-0349.jpg\" data-attachment-id=\"1417\" data-rel=\"lightbox-image-bGlnaHRib3g=\" data-rl_title=\"\" data-rl_caption=\"\" data-type=\"image\" class=\"fg-thumb\" title=\"\"><span class=\"fg-image-wrap\"><img decoding=\"async\" alt=\"ITW Industrie-Technik Werth GmbH - Elevatoren Steigf\u00f6rderer\" width=\"150\" height=\"200\" class=\"skip-lazy fg-image\" data-src-fg=\"https:\/\/itw-technik.de\/wp-content\/uploads\/cache\/itw-elevatoren-steigfoerderer-0349\/1374510634.jpg\" src=\"data:image\/svg+xml,%3Csvg%20xmlns%3D%22http%3A%2F%2Fwww.w3.org%2F2000%2Fsvg%22%20width%3D%22150%22%20height%3D%22200%22%20viewBox%3D%220%200%20150%20200%22%3E%3C%2Fsvg%3E\" loading=\"eager\"><\/span><span class=\"fg-image-overlay\"><\/span><\/a><figcaption class=\"fg-caption\"><div class=\"fg-caption-inner\"><\/div><\/figcaption><\/figure><div class=\"fg-loader\"><\/div><\/div><div class=\"fg-item fg-type-image fg-idle\"><figure class=\"fg-item-inner\"><a href=\"https:\/\/itw-technik.de\/wp-content\/uploads\/itw-elevatoren-steigfoerderer-CIMG0961.jpg\" data-attachment-id=\"1416\" data-rel=\"lightbox-image-bGlnaHRib3g=\" data-rl_title=\"\" data-rl_caption=\"\" data-type=\"image\" class=\"fg-thumb\" title=\"\"><span class=\"fg-image-wrap\"><img decoding=\"async\" alt=\"ITW Industrie-Technik Werth GmbH - Elevatoren Steigf\u00f6rderer\" width=\"150\" height=\"113\" class=\"skip-lazy fg-image\" data-src-fg=\"https:\/\/itw-technik.de\/wp-content\/uploads\/cache\/itw-elevatoren-steigfoerderer-CIMG0961\/1382901948.jpg\" src=\"data:image\/svg+xml,%3Csvg%20xmlns%3D%22http%3A%2F%2Fwww.w3.org%2F2000%2Fsvg%22%20width%3D%22150%22%20height%3D%22113%22%20viewBox%3D%220%200%20150%20113%22%3E%3C%2Fsvg%3E\" loading=\"eager\"><\/span><span class=\"fg-image-overlay\"><\/span><\/a><figcaption class=\"fg-caption\"><div class=\"fg-caption-inner\"><\/div><\/figcaption><\/figure><div class=\"fg-loader\"><\/div><\/div><div class=\"fg-item fg-type-image fg-idle\"><figure class=\"fg-item-inner\"><a href=\"https:\/\/itw-technik.de\/wp-content\/uploads\/itw-elevatoren-steigfoerderer-DSC00266.jpg\" data-attachment-id=\"1415\" data-rel=\"lightbox-image-bGlnaHRib3g=\" data-rl_title=\"\" data-rl_caption=\"\" data-type=\"image\" class=\"fg-thumb\" title=\"\"><span class=\"fg-image-wrap\"><img decoding=\"async\" alt=\"ITW Industrie-Technik Werth GmbH - Elevatoren Steigf\u00f6rderer\" width=\"150\" height=\"200\" class=\"skip-lazy fg-image\" data-src-fg=\"https:\/\/itw-technik.de\/wp-content\/uploads\/cache\/itw-elevatoren-steigfoerderer-DSC00266\/3674669217.jpg\" src=\"data:image\/svg+xml,%3Csvg%20xmlns%3D%22http%3A%2F%2Fwww.w3.org%2F2000%2Fsvg%22%20width%3D%22150%22%20height%3D%22200%22%20viewBox%3D%220%200%20150%20200%22%3E%3C%2Fsvg%3E\" loading=\"eager\"><\/span><span class=\"fg-image-overlay\"><\/span><\/a><figcaption class=\"fg-caption\"><div class=\"fg-caption-inner\"><\/div><\/figcaption><\/figure><div class=\"fg-loader\"><\/div><\/div><div class=\"fg-item fg-type-image fg-idle\"><figure class=\"fg-item-inner\"><a href=\"https:\/\/itw-technik.de\/wp-content\/uploads\/itw-elevatoren-steigfoerderer-DSC02170.jpg\" data-attachment-id=\"1414\" data-rel=\"lightbox-image-bGlnaHRib3g=\" data-rl_title=\"\" data-rl_caption=\"\" data-type=\"image\" class=\"fg-thumb\" title=\"\"><span class=\"fg-image-wrap\"><img decoding=\"async\" alt=\"ITW Industrie-Technik Werth GmbH - Elevatoren Steigf\u00f6rderer\" width=\"150\" height=\"226\" class=\"skip-lazy fg-image\" data-src-fg=\"https:\/\/itw-technik.de\/wp-content\/uploads\/cache\/itw-elevatoren-steigfoerderer-DSC02170\/3974294804.jpg\" src=\"data:image\/svg+xml,%3Csvg%20xmlns%3D%22http%3A%2F%2Fwww.w3.org%2F2000%2Fsvg%22%20width%3D%22150%22%20height%3D%22226%22%20viewBox%3D%220%200%20150%20226%22%3E%3C%2Fsvg%3E\" loading=\"eager\"><\/span><span class=\"fg-image-overlay\"><\/span><\/a><figcaption class=\"fg-caption\"><div class=\"fg-caption-inner\"><\/div><\/figcaption><\/figure><div class=\"fg-loader\"><\/div><\/div><div class=\"fg-item fg-type-image fg-idle\"><figure class=\"fg-item-inner\"><a href=\"https:\/\/itw-technik.de\/wp-content\/uploads\/itw-elevatoren-steigfoerderer-DSC02174.jpg\" data-attachment-id=\"1413\" data-rel=\"lightbox-image-bGlnaHRib3g=\" data-rl_title=\"\" data-rl_caption=\"\" data-type=\"image\" class=\"fg-thumb\" title=\"\"><span class=\"fg-image-wrap\"><img decoding=\"async\" alt=\"ITW Industrie-Technik Werth GmbH - Elevatoren Steigf\u00f6rderer\" width=\"150\" height=\"100\" class=\"skip-lazy fg-image\" data-src-fg=\"https:\/\/itw-technik.de\/wp-content\/uploads\/cache\/itw-elevatoren-steigfoerderer-DSC02174\/462239926.jpg\" src=\"data:image\/svg+xml,%3Csvg%20xmlns%3D%22http%3A%2F%2Fwww.w3.org%2F2000%2Fsvg%22%20width%3D%22150%22%20height%3D%22100%22%20viewBox%3D%220%200%20150%20100%22%3E%3C%2Fsvg%3E\" loading=\"eager\"><\/span><span class=\"fg-image-overlay\"><\/span><\/a><figcaption class=\"fg-caption\"><div class=\"fg-caption-inner\"><\/div><\/figcaption><\/figure><div class=\"fg-loader\"><\/div><\/div><div class=\"fg-item fg-type-image fg-idle\"><figure class=\"fg-item-inner\"><a href=\"https:\/\/itw-technik.de\/wp-content\/uploads\/itw-elevatoren-steigfoerderer-DSC02185.jpg\" data-attachment-id=\"1412\" data-rel=\"lightbox-image-bGlnaHRib3g=\" data-rl_title=\"\" data-rl_caption=\"\" data-type=\"image\" class=\"fg-thumb\" title=\"\"><span class=\"fg-image-wrap\"><img decoding=\"async\" alt=\"ITW Industrie-Technik Werth GmbH - Elevatoren Steigf\u00f6rderer\" width=\"150\" height=\"100\" class=\"skip-lazy fg-image\" data-src-fg=\"https:\/\/itw-technik.de\/wp-content\/uploads\/cache\/itw-elevatoren-steigfoerderer-DSC02185\/1563690314.jpg\" src=\"data:image\/svg+xml,%3Csvg%20xmlns%3D%22http%3A%2F%2Fwww.w3.org%2F2000%2Fsvg%22%20width%3D%22150%22%20height%3D%22100%22%20viewBox%3D%220%200%20150%20100%22%3E%3C%2Fsvg%3E\" loading=\"eager\"><\/span><span class=\"fg-image-overlay\"><\/span><\/a><figcaption class=\"fg-caption\"><div class=\"fg-caption-inner\"><\/div><\/figcaption><\/figure><div class=\"fg-loader\"><\/div><\/div><div class=\"fg-item fg-type-image fg-idle\"><figure class=\"fg-item-inner\"><a href=\"https:\/\/itw-technik.de\/wp-content\/uploads\/itw-elevatoren-steigfoerderer-DSC04272.jpg\" data-attachment-id=\"1411\" data-rel=\"lightbox-image-bGlnaHRib3g=\" data-rl_title=\"\" data-rl_caption=\"\" data-type=\"image\" class=\"fg-thumb\" title=\"\"><span class=\"fg-image-wrap\"><img decoding=\"async\" alt=\"ITW Industrie-Technik Werth GmbH - Elevatoren Steigf\u00f6rderer\" width=\"150\" height=\"84\" class=\"skip-lazy fg-image\" data-src-fg=\"https:\/\/itw-technik.de\/wp-content\/uploads\/cache\/itw-elevatoren-steigfoerderer-DSC04272\/1966449943.jpg\" src=\"data:image\/svg+xml,%3Csvg%20xmlns%3D%22http%3A%2F%2Fwww.w3.org%2F2000%2Fsvg%22%20width%3D%22150%22%20height%3D%2284%22%20viewBox%3D%220%200%20150%2084%22%3E%3C%2Fsvg%3E\" loading=\"eager\"><\/span><span class=\"fg-image-overlay\"><\/span><\/a><figcaption class=\"fg-caption\"><div class=\"fg-caption-inner\"><\/div><\/figcaption><\/figure><div class=\"fg-loader\"><\/div><\/div><div class=\"fg-item fg-type-image fg-idle\"><figure class=\"fg-item-inner\"><a href=\"https:\/\/itw-technik.de\/wp-content\/uploads\/itw-elevatoren-steigfoerderer-DSC06208.jpg\" data-attachment-id=\"1410\" data-rel=\"lightbox-image-bGlnaHRib3g=\" data-rl_title=\"\" data-rl_caption=\"\" data-type=\"image\" class=\"fg-thumb\" title=\"\"><span class=\"fg-image-wrap\"><img decoding=\"async\" alt=\"ITW Industrie-Technik Werth GmbH - Elevatoren Steigf\u00f6rderer\" width=\"150\" height=\"200\" class=\"skip-lazy fg-image\" data-src-fg=\"https:\/\/itw-technik.de\/wp-content\/uploads\/cache\/itw-elevatoren-steigfoerderer-DSC06208\/2371002212.jpg\" src=\"data:image\/svg+xml,%3Csvg%20xmlns%3D%22http%3A%2F%2Fwww.w3.org%2F2000%2Fsvg%22%20width%3D%22150%22%20height%3D%22200%22%20viewBox%3D%220%200%20150%20200%22%3E%3C%2Fsvg%3E\" loading=\"eager\"><\/span><span class=\"fg-image-overlay\"><\/span><\/a><figcaption class=\"fg-caption\"><div class=\"fg-caption-inner\"><\/div><\/figcaption><\/figure><div class=\"fg-loader\"><\/div><\/div><div class=\"fg-item fg-type-image fg-idle\"><figure class=\"fg-item-inner\"><a href=\"https:\/\/itw-technik.de\/wp-content\/uploads\/itw-elevatoren-steigfoerderer-P1010009.jpg\" data-attachment-id=\"1409\" data-rel=\"lightbox-image-bGlnaHRib3g=\" data-rl_title=\"\" data-rl_caption=\"\" data-type=\"image\" class=\"fg-thumb\" title=\"\"><span class=\"fg-image-wrap\"><img decoding=\"async\" alt=\"ITW Industrie-Technik Werth GmbH - Elevatoren Steigf\u00f6rderer\" width=\"150\" height=\"200\" class=\"skip-lazy fg-image\" data-src-fg=\"https:\/\/itw-technik.de\/wp-content\/uploads\/cache\/itw-elevatoren-steigfoerderer-P1010009\/1440566565.jpg\" src=\"data:image\/svg+xml,%3Csvg%20xmlns%3D%22http%3A%2F%2Fwww.w3.org%2F2000%2Fsvg%22%20width%3D%22150%22%20height%3D%22200%22%20viewBox%3D%220%200%20150%20200%22%3E%3C%2Fsvg%3E\" loading=\"eager\"><\/span><span class=\"fg-image-overlay\"><\/span><\/a><figcaption class=\"fg-caption\"><div class=\"fg-caption-inner\"><\/div><\/figcaption><\/figure><div class=\"fg-loader\"><\/div><\/div><div class=\"fg-item fg-type-image fg-idle\"><figure class=\"fg-item-inner\"><a href=\"https:\/\/itw-technik.de\/wp-content\/uploads\/itw-elevatoren-steigfoerderer-P1040032.jpg\" data-attachment-id=\"1408\" data-rel=\"lightbox-image-bGlnaHRib3g=\" data-rl_title=\"\" data-rl_caption=\"\" data-type=\"image\" class=\"fg-thumb\" title=\"\"><span class=\"fg-image-wrap\"><img decoding=\"async\" alt=\"ITW Industrie-Technik Werth GmbH - Elevatoren Steigf\u00f6rderer\" width=\"150\" height=\"113\" class=\"skip-lazy fg-image\" data-src-fg=\"https:\/\/itw-technik.de\/wp-content\/uploads\/cache\/itw-elevatoren-steigfoerderer-P1040032\/4231260181.jpg\" src=\"data:image\/svg+xml,%3Csvg%20xmlns%3D%22http%3A%2F%2Fwww.w3.org%2F2000%2Fsvg%22%20width%3D%22150%22%20height%3D%22113%22%20viewBox%3D%220%200%20150%20113%22%3E%3C%2Fsvg%3E\" loading=\"eager\"><\/span><span class=\"fg-image-overlay\"><\/span><\/a><figcaption class=\"fg-caption\"><div class=\"fg-caption-inner\"><\/div><\/figcaption><\/figure><div class=\"fg-loader\"><\/div><\/div><div class=\"fg-item fg-type-image fg-idle\"><figure class=\"fg-item-inner\"><a href=\"https:\/\/itw-technik.de\/wp-content\/uploads\/itw-elevatoren-steigfoerderer-P1060504-1.jpg\" data-attachment-id=\"1407\" data-rel=\"lightbox-image-bGlnaHRib3g=\" data-rl_title=\"\" data-rl_caption=\"\" data-type=\"image\" class=\"fg-thumb\" title=\"\"><span class=\"fg-image-wrap\"><img decoding=\"async\" alt=\"ITW Industrie-Technik Werth GmbH - Elevatoren Steigf\u00f6rderer\" width=\"150\" height=\"100\" class=\"skip-lazy fg-image\" data-src-fg=\"https:\/\/itw-technik.de\/wp-content\/uploads\/cache\/itw-elevatoren-steigfoerderer-P1060504-1\/1890570263.jpg\" src=\"data:image\/svg+xml,%3Csvg%20xmlns%3D%22http%3A%2F%2Fwww.w3.org%2F2000%2Fsvg%22%20width%3D%22150%22%20height%3D%22100%22%20viewBox%3D%220%200%20150%20100%22%3E%3C%2Fsvg%3E\" loading=\"eager\"><\/span><span class=\"fg-image-overlay\"><\/span><\/a><figcaption class=\"fg-caption\"><div class=\"fg-caption-inner\"><\/div><\/figcaption><\/figure><div class=\"fg-loader\"><\/div><\/div><div class=\"fg-item fg-type-image fg-idle\"><figure class=\"fg-item-inner\"><a href=\"https:\/\/itw-technik.de\/wp-content\/uploads\/itw-elevatoren-steigfoerderer-P1060737.jpg\" data-attachment-id=\"1405\" data-rel=\"lightbox-image-bGlnaHRib3g=\" data-rl_title=\"\" data-rl_caption=\"\" data-type=\"image\" class=\"fg-thumb\" title=\"\"><span class=\"fg-image-wrap\"><img decoding=\"async\" alt=\"ITW Industrie-Technik Werth GmbH - Elevatoren Steigf\u00f6rderer\" width=\"150\" height=\"113\" class=\"skip-lazy fg-image\" data-src-fg=\"https:\/\/itw-technik.de\/wp-content\/uploads\/cache\/itw-elevatoren-steigfoerderer-P1060737\/2726347506.jpg\" src=\"data:image\/svg+xml,%3Csvg%20xmlns%3D%22http%3A%2F%2Fwww.w3.org%2F2000%2Fsvg%22%20width%3D%22150%22%20height%3D%22113%22%20viewBox%3D%220%200%20150%20113%22%3E%3C%2Fsvg%3E\" loading=\"eager\"><\/span><span class=\"fg-image-overlay\"><\/span><\/a><figcaption class=\"fg-caption\"><div class=\"fg-caption-inner\"><\/div><\/figcaption><\/figure><div class=\"fg-loader\"><\/div><\/div><div class=\"fg-item fg-type-image fg-idle\"><figure class=\"fg-item-inner\"><a href=\"https:\/\/itw-technik.de\/wp-content\/uploads\/itw-elevatoren-steigfoerderer-P1060504.jpg\" data-attachment-id=\"1406\" data-rel=\"lightbox-image-bGlnaHRib3g=\" data-rl_title=\"\" data-rl_caption=\"\" data-type=\"image\" class=\"fg-thumb\" title=\"\"><span class=\"fg-image-wrap\"><img decoding=\"async\" alt=\"ITW Industrie-Technik Werth GmbH - Elevatoren Steigf\u00f6rderer\" width=\"150\" height=\"113\" class=\"skip-lazy fg-image\" data-src-fg=\"https:\/\/itw-technik.de\/wp-content\/uploads\/cache\/itw-elevatoren-steigfoerderer-P1060504\/4018683452.jpg\" src=\"data:image\/svg+xml,%3Csvg%20xmlns%3D%22http%3A%2F%2Fwww.w3.org%2F2000%2Fsvg%22%20width%3D%22150%22%20height%3D%22113%22%20viewBox%3D%220%200%20150%20113%22%3E%3C%2Fsvg%3E\" loading=\"eager\"><\/span><span class=\"fg-image-overlay\"><\/span><\/a><figcaption class=\"fg-caption\"><div class=\"fg-caption-inner\"><\/div><\/figcaption><\/figure><div class=\"fg-loader\"><\/div><\/div><div class=\"fg-item fg-type-image fg-idle\"><figure class=\"fg-item-inner\"><a href=\"https:\/\/itw-technik.de\/wp-content\/uploads\/itw-elevatoren-steigfoerderer-wellenkante-02.jpg\" data-attachment-id=\"1404\" data-rel=\"lightbox-image-bGlnaHRib3g=\" data-rl_title=\"\" data-rl_caption=\"\" data-type=\"image\" class=\"fg-thumb\" title=\"\"><span class=\"fg-image-wrap\"><img decoding=\"async\" alt=\"ITW Industrie-Technik Werth GmbH - Elevatoren Steigf\u00f6rderer\" width=\"150\" height=\"84\" class=\"skip-lazy fg-image\" data-src-fg=\"https:\/\/itw-technik.de\/wp-content\/uploads\/cache\/itw-elevatoren-steigfoerderer-wellenkante-02\/960493625.jpg\" src=\"data:image\/svg+xml,%3Csvg%20xmlns%3D%22http%3A%2F%2Fwww.w3.org%2F2000%2Fsvg%22%20width%3D%22150%22%20height%3D%2284%22%20viewBox%3D%220%200%20150%2084%22%3E%3C%2Fsvg%3E\" loading=\"eager\"><\/span><span class=\"fg-image-overlay\"><\/span><\/a><figcaption class=\"fg-caption\"><div class=\"fg-caption-inner\"><\/div><\/figcaption><\/figure><div class=\"fg-loader\"><\/div><\/div><\/div>\n<\/div>\n<\/div><\/div><\/div><\/div><div id=\"pg-4162-2\"  class=\"panel-grid panel-no-style\" ><div id=\"pgc-4162-2-0\"  class=\"panel-grid-cell\" ><div id=\"panel-4162-2-0-0\" class=\"so-panel widget widget_sow-editor panel-first-child panel-last-child\" data-index=\"4\" ><div id=\"produkte\" class=\"panel-widget-style panel-widget-style-for-4162-2-0-0\" ><div\n\t\t\t\n\t\t\tclass=\"so-widget-sow-editor so-widget-sow-editor-base\"\n\t\t\t\n\t\t>\n<div class=\"siteorigin-widget-tinymce textwidget\">\n\t<h2>Autres produits ITW<\/h2>\n<\/div>\n<\/div><\/div><\/div><\/div><\/div><div id=\"pg-4162-3\"  class=\"panel-grid panel-has-style\" ><div class=\"so-parallax siteorigin-panels-stretch panel-row-style panel-row-style-for-4162-3\" data-stretch-type=\"full-stretched\" ><img fetchpriority=\"high\" decoding=\"async\" width=\"1600\" height=\"800\" src=\"https:\/\/itw-technik.de\/wp-content\/uploads\/itw-sondermaschinen-main-4.jpg\" class=\"attachment-full size-full\" alt=\"ITW - Sondermaschinen\" data-siteorigin-parallax=\"true\" loading=\"eager\" srcset=\"https:\/\/itw-technik.de\/wp-content\/uploads\/itw-sondermaschinen-main-4.jpg 1600w, https:\/\/itw-technik.de\/wp-content\/uploads\/itw-sondermaschinen-main-4-768x384.jpg 768w\" sizes=\"(max-width: 1600px) 100vw, 1600px\" \/><div id=\"pgc-4162-3-0\"  class=\"panel-grid-cell\" ><div id=\"panel-4162-3-0-0\" class=\"so-panel widget widget_sow-editor panel-first-child\" data-index=\"5\" ><div class=\"prod panel-widget-style panel-widget-style-for-4162-3-0-0\" ><div\n\t\t\t\n\t\t\tclass=\"so-widget-sow-editor so-widget-sow-editor-base\"\n\t\t\t\n\t\t>\n<div class=\"siteorigin-widget-tinymce textwidget\">\n\t<h3 style=\"text-align: center;\"><span style=\"color: #000;\"><a href=\"https:\/\/itw-technik.de\/fr\/technologies-de-conditionnement\/\">Technologies de conditionnement<\/a><\/span><\/h3>\n<p>Machine soudant sur quatre c\u00f4t\u00e9s et solutions de conditionnement individuelles<\/p>\n<\/div>\n<\/div><\/div><\/div><div id=\"panel-4162-3-0-1\" class=\"so-panel widget widget_sow-editor\" data-index=\"6\" ><div class=\"prod panel-widget-style panel-widget-style-for-4162-3-0-1\" ><div\n\t\t\t\n\t\t\tclass=\"so-widget-sow-editor so-widget-sow-editor-base\"\n\t\t\t\n\t\t>\n<div class=\"siteorigin-widget-tinymce textwidget\">\n\t<h3 style=\"text-align: center;\"><span style=\"color: #000;\"><a href=\"https:\/\/itw-technik.de\/fr\/convoyeurs-hygieniques\/\">Convoyeurs\u00ad<br \/>\nhygi\u00e9niques<\/a><\/span><\/h3>\n<p>r\u00e9pondant aux exigences et normes les plus strictes (FDA, etc.).<\/p>\n<\/div>\n<\/div><\/div><\/div><div id=\"panel-4162-3-0-2\" class=\"so-panel widget widget_sow-editor panel-last-child\" data-index=\"7\" ><div class=\"prod panel-widget-style panel-widget-style-for-4162-3-0-2\" ><div\n\t\t\t\n\t\t\tclass=\"so-widget-sow-editor so-widget-sow-editor-base\"\n\t\t\t\n\t\t>\n<div class=\"siteorigin-widget-tinymce textwidget\">\n\t<h3 style=\"text-align: center;\"><span style=\"color: #000;\"><a href=\"https:\/\/itw-technik.de\/fr\/dispositifs-de-levage\/\">Dispositifs de<br \/>\nlevage<\/a><\/span><\/h3>\n<p>Plateformes de levage, dispositifs de levage et de basculement<\/p>\n<\/div>\n<\/div><\/div><\/div><\/div><div id=\"pgc-4162-3-1\"  class=\"panel-grid-cell\" ><div id=\"panel-4162-3-1-0\" class=\"so-panel widget widget_sow-editor panel-first-child\" data-index=\"8\" ><div class=\"prod panel-widget-style panel-widget-style-for-4162-3-1-0\" ><div\n\t\t\t\n\t\t\tclass=\"so-widget-sow-editor so-widget-sow-editor-base\"\n\t\t\t\n\t\t>\n<div class=\"siteorigin-widget-tinymce textwidget\">\n\t<h3 style=\"text-align: center;\"><span style=\"color: #000;\"><a href=\"https:\/\/itw-technik.de\/fr\/bandes-de-convoyage\/\">Bandes de convoyage<\/a><\/span><\/h3>\n<p>Divers mod\u00e8les de bandes de convoyage<\/p>\n<\/div>\n<\/div><\/div><\/div><div id=\"panel-4162-3-1-1\" class=\"so-panel widget widget_sow-editor\" data-index=\"9\" ><div class=\"prod panel-widget-style panel-widget-style-for-4162-3-1-1\" ><div\n\t\t\t\n\t\t\tclass=\"so-widget-sow-editor so-widget-sow-editor-base\"\n\t\t\t\n\t\t>\n<div class=\"siteorigin-widget-tinymce textwidget\">\n\t<h3 style=\"text-align: center;\"><span style=\"color: #000;\"><a href=\"https:\/\/itw-technik.de\/fr\/machine-soudant-sur-quatre-cotes-fm\/\/\">Machine soudant sur quatre c\u00f4t\u00e9s FM<\/a><\/span><\/h3>\n<p>Machine d'emballage r\u00e9alisant un sachet plat classique<\/p>\n<\/div>\n<\/div><\/div><\/div><div id=\"panel-4162-3-1-2\" class=\"so-panel widget widget_sow-editor panel-last-child\" data-index=\"10\" ><div class=\"prod panel-widget-style panel-widget-style-for-4162-3-1-2\" ><div\n\t\t\t\n\t\t\tclass=\"so-widget-sow-editor so-widget-sow-editor-base\"\n\t\t\t\n\t\t>\n<div class=\"siteorigin-widget-tinymce textwidget\">\n\t<h3 style=\"text-align: center;\"><span style=\"color: #000;\"><a href=\"https:\/\/itw-technik.de\/fr\/structures-speciales\/\">Structures<br \/>\nsp\u00e9ciales<\/a><\/span><\/h3>\n<p>Ensembles structurels sp\u00e9ciaux, machines et applications sp\u00e9ciales<\/p>\n<\/div>\n<\/div><\/div><\/div><\/div><div id=\"pgc-4162-3-2\"  class=\"panel-grid-cell\" ><div id=\"panel-4162-3-2-0\" class=\"so-panel widget widget_sow-editor panel-first-child\" data-index=\"11\" ><div class=\"prod panel-widget-style panel-widget-style-for-4162-3-2-0\" ><div\n\t\t\t\n\t\t\tclass=\"so-widget-sow-editor so-widget-sow-editor-base\"\n\t\t\t\n\t\t>\n<div class=\"siteorigin-widget-tinymce textwidget\">\n\t<h3 style=\"text-align: center;\"><span style=\"color: #000;\"><a href=\"https:\/\/itw-technik.de\/fr\/bandes-speciales\/\">Bandes sp\u00e9ciales<\/a><\/span><\/h3>\n<p>Con\u00e7ues sp\u00e9cialement pour vos applications<\/p>\n<\/div>\n<\/div><\/div><\/div><div id=\"panel-4162-3-2-1\" class=\"so-panel widget widget_sow-editor\" data-index=\"12\" ><div class=\"prod panel-widget-style panel-widget-style-for-4162-3-2-1\" ><div\n\t\t\t\n\t\t\tclass=\"so-widget-sow-editor so-widget-sow-editor-base\"\n\t\t\t\n\t\t>\n<div class=\"siteorigin-widget-tinymce textwidget\">\n\t<h3 style=\"text-align: center;\"><span style=\"color: #000;\"><a href=\"https:\/\/itw-technik.de\/fr\/technologies-de-convoyeur\/\">Technologies de convoyeur<\/a><\/span><\/h3>\n<p>Des technologies de convoyeur classiques, mais aussi des convoyeurs sp\u00e9ciaux et\/ou hygi\u00e9niques en acier ennobli<\/p>\n<\/div>\n<\/div><\/div><\/div><div id=\"panel-4162-3-2-2\" class=\"so-panel widget widget_sow-editor panel-last-child\" data-index=\"13\" ><div class=\"prod panel-widget-style panel-widget-style-for-4162-3-2-2\" ><div\n\t\t\t\n\t\t\tclass=\"so-widget-sow-editor so-widget-sow-editor-base\"\n\t\t\t\n\t\t>\n<div class=\"siteorigin-widget-tinymce textwidget\">\n\t<h3 style=\"text-align: center;\"><span style=\"color: #000;\"><a href=\"https:\/\/itw-technik.de\/fr\/convoyeurs-a-vis-sans-fin\/\">Convoyeurs \u00e0 vis sans fin<\/a><\/span><\/h3>\n<p>Des convoyeurs \u00e0 vis sans fin verticaux ou transversaux, des convoyeurs \u00e0 vis sans fin en auge, mais aussi des doseurs \u00e0 vis sans fin<\/p>\n<\/div>\n<\/div><\/div><\/div><\/div><div id=\"pgc-4162-3-3\"  class=\"panel-grid-cell\" ><div id=\"panel-4162-3-3-0\" class=\"so-panel widget widget_sow-editor panel-first-child\" data-index=\"14\" ><div class=\"prod panel-widget-style panel-widget-style-for-4162-3-3-0\" ><div\n\t\t\t\n\t\t\tclass=\"so-widget-sow-editor so-widget-sow-editor-base\"\n\t\t\t\n\t\t>\n<div class=\"siteorigin-widget-tinymce textwidget\">\n\t<h3 style=\"text-align: center;\"><span style=\"color: #000;\"><a href=\"https:\/\/itw-technik.de\/fr\/systemes-de-remplissage-et-de-distribution\/\">Syst\u00e8mes de<br \/> remplissage et de<br \/> distribution<\/a><\/span><\/h3>\n<p>Conditionnement dans des emballages en fonction des demandes du client<\/p>\n<\/div>\n<\/div><\/div><\/div><div id=\"panel-4162-3-3-1\" class=\"so-panel widget widget_sow-editor\" data-index=\"15\" ><div class=\"prod panel-widget-style panel-widget-style-for-4162-3-3-1\" ><div\n\t\t\t\n\t\t\tclass=\"so-widget-sow-editor so-widget-sow-editor-base\"\n\t\t\t\n\t\t>\n<div class=\"siteorigin-widget-tinymce textwidget\">\n\t<h3 style=\"text-align: center;\"><span style=\"color: #000;\"><a href=\"https:\/\/itw-technik.de\/fr\/systemes-de-production\/\">Syst\u00e8mes de<br \/>\nproduction<\/a><\/span><\/h3>\n<p>Des solutions sp\u00e9cifiques qui r\u00e9pondent aux besoins du client et de l'industrie<\/p>\n<\/div>\n<\/div><\/div><\/div><div id=\"panel-4162-3-3-2\" class=\"so-panel widget widget_sow-editor panel-last-child\" data-index=\"16\" ><div class=\"prod panel-widget-style panel-widget-style-for-4162-3-3-2\" ><div\n\t\t\t\n\t\t\tclass=\"so-widget-sow-editor so-widget-sow-editor-base\"\n\t\t\t\n\t\t>\n<div class=\"siteorigin-widget-tinymce textwidget\">\n\t<h3 style=\"text-align: center;\"><span style=\"color: #000;\"><a href=\"https:\/\/itw-technik.de\/fr\/systemes-d-approvisionnement\/\">Syst\u00e8mes d'approvisionnement<\/a><\/span><\/h3>\n<p>Des solutions compl\u00e8tes d'approvisionnement d'un produit \u00ab\u00a0cl\u00e9 en main\u00a0\u00bb<\/p>\n<\/div>\n<\/div><\/div><\/div><\/div><div id=\"pgc-4162-3-4\"  class=\"panel-grid-cell\" ><div id=\"panel-4162-3-4-0\" class=\"so-panel widget widget_sow-editor panel-first-child\" data-index=\"17\" ><div class=\"prod panel-widget-style panel-widget-style-for-4162-3-4-0\" ><div\n\t\t\t\n\t\t\tclass=\"so-widget-sow-editor so-widget-sow-editor-base\"\n\t\t\t\n\t\t>\n<div class=\"siteorigin-widget-tinymce textwidget\">\n\t<h3 style=\"text-align: center;\"><span style=\"color: #000;\"><a href=\"https:\/\/itw-technik.de\/fr\/structures-en-acier-ennobli\/\/\">Structures en acier ennobli<\/a><\/span><\/h3>\n<p>Des passerelles, des plateformes et des structures sp\u00e9ciales<\/p>\n<\/div>\n<\/div><\/div><\/div><div id=\"panel-4162-3-4-1\" class=\"so-panel widget widget_sow-editor\" data-index=\"18\" ><div class=\"prod panel-widget-style panel-widget-style-for-4162-3-4-1\" ><div\n\t\t\t\n\t\t\tclass=\"so-widget-sow-editor so-widget-sow-editor-base\"\n\t\t\t\n\t\t>\n<div class=\"siteorigin-widget-tinymce textwidget\">\n\t<h3 style=\"text-align: center;\"><span style=\"color: #000;\"><a href=\"https:\/\/itw-technik.de\/fr\/elevateurs-convoyeurs-verticaux\/\">\u00c9l\u00e9vateurs, convoyeurs<br \/>\nverticaux<\/a><\/span><\/h3>\n<p>Divers mod\u00e8les d'\u00e9l\u00e9vateurs et de convoyeurs verticaux<\/p>\n<\/div>\n<\/div><\/div><\/div><div id=\"panel-4162-3-4-2\" class=\"so-panel widget widget_sow-editor panel-last-child\" data-index=\"19\" ><div class=\"prod panel-widget-style panel-widget-style-for-4162-3-4-2\" ><div\n\t\t\t\n\t\t\tclass=\"so-widget-sow-editor so-widget-sow-editor-base\"\n\t\t\t\n\t\t>\n<div class=\"siteorigin-widget-tinymce textwidget\">\n\t<h3 style=\"text-align: center;\"><span style=\"color: #000;\"><a href=\"https:\/\/itw-technik.de\/fr\/technologies-de-pesage\/\">Technologies de pesage<\/a><\/span><\/h3>\n<p>Des syst\u00e8mes de pesage qui sont aussi destin\u00e9s aux domaines d'utilisation exigeants<\/p>\n<\/div>\n<\/div><\/div><\/div><\/div><\/div><\/div><\/div>","protected":false},"excerpt":{"rendered":"<p>\u00c9l\u00e9vateurs, convoyeurs verticaux \u00c9l\u00e9vateurs, convoyeurs verticaux Diff\u00e9rents mod\u00e8les de bandes inclin\u00e9es R\u00e9alisation en forme de L, avec pli en haut ou en bas, convoyeurs en forme de Z avec inclinaison pouvant atteindre 88\u00b0. Des bandes de convoyage \u00e0 bords ondul\u00e9s ou \u00e0 guidage lat\u00e9ral qu&rsquo;il est possible de replier ou de retirer. La largeur utile [&hellip;]<\/p>\n","protected":false},"author":1,"featured_media":0,"parent":0,"menu_order":0,"comment_status":"closed","ping_status":"closed","template":"","meta":{"footnotes":""},"class_list":["post-4162","page","type-page","status-publish","hentry"],"yoast_head":"<!-- This site is optimized with the Yoast SEO plugin v25.5 - https:\/\/yoast.com\/wordpress\/plugins\/seo\/ -->\n<title>\u00c9l\u00e9vateurs, convoyeurs verticaux - ITW Industrie-Technik Werth GmbH<\/title>\n<meta name=\"robots\" content=\"index, follow, max-snippet:-1, max-image-preview:large, max-video-preview:-1\" \/>\n<link rel=\"canonical\" href=\"https:\/\/itw-technik.de\/fr\/elevateurs-convoyeurs-verticaux\/\" \/>\n<meta name=\"twitter:card\" content=\"summary_large_image\" \/>\n<meta name=\"twitter:title\" content=\"\u00c9l\u00e9vateurs, convoyeurs verticaux - ITW Industrie-Technik Werth GmbH\" \/>\n<meta name=\"twitter:description\" content=\"\u00c9l\u00e9vateurs, convoyeurs verticaux \u00c9l\u00e9vateurs, convoyeurs verticaux Diff\u00e9rents mod\u00e8les de bandes inclin\u00e9es R\u00e9alisation en forme de L, avec pli en haut ou en bas, convoyeurs en forme de Z avec inclinaison pouvant atteindre 88\u00b0. Des bandes de convoyage \u00e0 bords ondul\u00e9s ou \u00e0 guidage lat\u00e9ral qu&#039;il est possible de replier ou de retirer. La largeur utile [&hellip;]\" \/>\n<meta name=\"twitter:image\" content=\"https:\/\/itw-technik.de\/wp-content\/uploads\/itw-transportbaender-DSC05257-bs.jpg\" \/>\n<meta name=\"twitter:label1\" content=\"Dur\u00e9e de lecture estim\u00e9e\" \/>\n\t<meta name=\"twitter:data1\" content=\"3 minutes\" \/>\n<script type=\"application\/ld+json\" class=\"yoast-schema-graph\">{\"@context\":\"https:\/\/schema.org\",\"@graph\":[{\"@type\":\"WebPage\",\"@id\":\"https:\/\/itw-technik.de\/fr\/elevateurs-convoyeurs-verticaux\/\",\"url\":\"https:\/\/itw-technik.de\/fr\/elevateurs-convoyeurs-verticaux\/\",\"name\":\"\u00c9l\u00e9vateurs, convoyeurs verticaux - ITW Industrie-Technik Werth GmbH\",\"isPartOf\":{\"@id\":\"https:\/\/itw-technik.de\/fr\/#website\"},\"primaryImageOfPage\":{\"@id\":\"https:\/\/itw-technik.de\/fr\/elevateurs-convoyeurs-verticaux\/#primaryimage\"},\"image\":{\"@id\":\"https:\/\/itw-technik.de\/fr\/elevateurs-convoyeurs-verticaux\/#primaryimage\"},\"thumbnailUrl\":\"https:\/\/itw-technik.de\/wp-content\/uploads\/itw-transportbaender-DSC05257-bs.jpg\",\"datePublished\":\"2018-06-13T20:49:46+00:00\",\"dateModified\":\"2021-02-25T17:06:36+00:00\",\"inLanguage\":\"fr-FR\",\"potentialAction\":[{\"@type\":\"ReadAction\",\"target\":[\"https:\/\/itw-technik.de\/fr\/elevateurs-convoyeurs-verticaux\/\"]}]},{\"@type\":\"ImageObject\",\"inLanguage\":\"fr-FR\",\"@id\":\"https:\/\/itw-technik.de\/fr\/elevateurs-convoyeurs-verticaux\/#primaryimage\",\"url\":\"https:\/\/itw-technik.de\/wp-content\/uploads\/itw-transportbaender-DSC05257-bs.jpg\",\"contentUrl\":\"https:\/\/itw-technik.de\/wp-content\/uploads\/itw-transportbaender-DSC05257-bs.jpg\"},{\"@type\":\"WebSite\",\"@id\":\"https:\/\/itw-technik.de\/fr\/#website\",\"url\":\"https:\/\/itw-technik.de\/fr\/\",\"name\":\"ITW Industrie-Technik Werth GmbH\",\"description\":\"Industrie Technik Maschinenbau\",\"potentialAction\":[{\"@type\":\"SearchAction\",\"target\":{\"@type\":\"EntryPoint\",\"urlTemplate\":\"https:\/\/itw-technik.de\/fr\/?s={search_term_string}\"},\"query-input\":{\"@type\":\"PropertyValueSpecification\",\"valueRequired\":true,\"valueName\":\"search_term_string\"}}],\"inLanguage\":\"fr-FR\"}]}<\/script>\n<!-- \/ Yoast SEO plugin. -->","yoast_head_json":{"title":"\u00c9l\u00e9vateurs, convoyeurs verticaux - ITW Industrie-Technik Werth GmbH","robots":{"index":"index","follow":"follow","max-snippet":"max-snippet:-1","max-image-preview":"max-image-preview:large","max-video-preview":"max-video-preview:-1"},"canonical":"https:\/\/itw-technik.de\/fr\/elevateurs-convoyeurs-verticaux\/","twitter_card":"summary_large_image","twitter_title":"\u00c9l\u00e9vateurs, convoyeurs verticaux - ITW Industrie-Technik Werth GmbH","twitter_description":"\u00c9l\u00e9vateurs, convoyeurs verticaux \u00c9l\u00e9vateurs, convoyeurs verticaux Diff\u00e9rents mod\u00e8les de bandes inclin\u00e9es R\u00e9alisation en forme de L, avec pli en haut ou en bas, convoyeurs en forme de Z avec inclinaison pouvant atteindre 88\u00b0. Des bandes de convoyage \u00e0 bords ondul\u00e9s ou \u00e0 guidage lat\u00e9ral qu'il est possible de replier ou de retirer. La largeur utile [&hellip;]","twitter_image":"https:\/\/itw-technik.de\/wp-content\/uploads\/itw-transportbaender-DSC05257-bs.jpg","twitter_misc":{"Dur\u00e9e de lecture estim\u00e9e":"3 minutes"},"schema":{"@context":"https:\/\/schema.org","@graph":[{"@type":"WebPage","@id":"https:\/\/itw-technik.de\/fr\/elevateurs-convoyeurs-verticaux\/","url":"https:\/\/itw-technik.de\/fr\/elevateurs-convoyeurs-verticaux\/","name":"\u00c9l\u00e9vateurs, convoyeurs verticaux - ITW Industrie-Technik Werth GmbH","isPartOf":{"@id":"https:\/\/itw-technik.de\/fr\/#website"},"primaryImageOfPage":{"@id":"https:\/\/itw-technik.de\/fr\/elevateurs-convoyeurs-verticaux\/#primaryimage"},"image":{"@id":"https:\/\/itw-technik.de\/fr\/elevateurs-convoyeurs-verticaux\/#primaryimage"},"thumbnailUrl":"https:\/\/itw-technik.de\/wp-content\/uploads\/itw-transportbaender-DSC05257-bs.jpg","datePublished":"2018-06-13T20:49:46+00:00","dateModified":"2021-02-25T17:06:36+00:00","inLanguage":"fr-FR","potentialAction":[{"@type":"ReadAction","target":["https:\/\/itw-technik.de\/fr\/elevateurs-convoyeurs-verticaux\/"]}]},{"@type":"ImageObject","inLanguage":"fr-FR","@id":"https:\/\/itw-technik.de\/fr\/elevateurs-convoyeurs-verticaux\/#primaryimage","url":"https:\/\/itw-technik.de\/wp-content\/uploads\/itw-transportbaender-DSC05257-bs.jpg","contentUrl":"https:\/\/itw-technik.de\/wp-content\/uploads\/itw-transportbaender-DSC05257-bs.jpg"},{"@type":"WebSite","@id":"https:\/\/itw-technik.de\/fr\/#website","url":"https:\/\/itw-technik.de\/fr\/","name":"ITW Industrie-Technik Werth GmbH","description":"Industrie Technik Maschinenbau","potentialAction":[{"@type":"SearchAction","target":{"@type":"EntryPoint","urlTemplate":"https:\/\/itw-technik.de\/fr\/?s={search_term_string}"},"query-input":{"@type":"PropertyValueSpecification","valueRequired":true,"valueName":"search_term_string"}}],"inLanguage":"fr-FR"}]}},"publishpress_future_action":{"enabled":false,"date":"2026-05-08 19:59:04","action":"change-status","newStatus":"draft","terms":[],"taxonomy":"translation_priority","extraData":[]},"publishpress_future_workflow_manual_trigger":{"enabledWorkflows":[]},"_links":{"self":[{"href":"https:\/\/itw-technik.de\/fr\/wp-json\/wp\/v2\/pages\/4162","targetHints":{"allow":["GET"]}}],"collection":[{"href":"https:\/\/itw-technik.de\/fr\/wp-json\/wp\/v2\/pages"}],"about":[{"href":"https:\/\/itw-technik.de\/fr\/wp-json\/wp\/v2\/types\/page"}],"author":[{"embeddable":true,"href":"https:\/\/itw-technik.de\/fr\/wp-json\/wp\/v2\/users\/1"}],"replies":[{"embeddable":true,"href":"https:\/\/itw-technik.de\/fr\/wp-json\/wp\/v2\/comments?post=4162"}],"version-history":[{"count":5,"href":"https:\/\/itw-technik.de\/fr\/wp-json\/wp\/v2\/pages\/4162\/revisions"}],"predecessor-version":[{"id":4454,"href":"https:\/\/itw-technik.de\/fr\/wp-json\/wp\/v2\/pages\/4162\/revisions\/4454"}],"wp:attachment":[{"href":"https:\/\/itw-technik.de\/fr\/wp-json\/wp\/v2\/media?parent=4162"}],"curies":[{"name":"wp","href":"https:\/\/api.w.org\/{rel}","templated":true}]}}